{"id":43,"date":"2015-01-26T10:01:00","date_gmt":"2015-01-26T10:01:00","guid":{"rendered":"http:\/\/test.gemeinsam-ammersee.de\/?page_id=43"},"modified":"2016-04-12T20:45:33","modified_gmt":"2016-04-12T19:45:33","slug":"kontakt","status":"publish","type":"page","link":"https:\/\/www.gemeinsam-ammersee.de\/?page_id=43","title":{"rendered":"Kontakt"},"content":{"rendered":"<h2 style=\"text-align: justify;\">Treten Sie mit uns in <a title=\"So erreichen Sie uns\" href=\"https:\/\/www.gemeinsam-ammersee.de\/?page_id=248\">Kontakt<\/a>!<\/h2>\n<p style=\"text-align: justify;\">Wenn Sie dem Verein beitreten m\u00f6chten, finden Sie <a title=\"Mitgliedsantrag\" href=\"https:\/\/www.gemeinsam-ammersee.de\/?page_id=9\">hier<\/a> den Mitgliedsantrag:<\/p>\n<h3 style=\"text-align: justify;\"><a title=\"Mitgliedsantrag\" href=\"https:\/\/www.gemeinsam-ammersee.de\/?page_id=9\">Mitglied werden!<\/a><\/h3>\n<p style=\"text-align: justify;\">Sie erreichen uns \u00fcber die nachfolgenden Kontaktm\u00f6glichkeiten:<\/p>\n<p style=\"text-align: justify;\"><p>Gemeinn\u00fctziger Verein Ammersee West e.V.<\/p>\n<p>E-Mail: <a href=\"mailto:info@gemeinsam-ammersee.de\">info@gemeinsam-ammersee.de<\/a><\/p>\n<p>Peter Raithel<br \/>\nWilhelm-Leibl-Platz 4<br \/>\n86938 Schondorf<br \/>\nTelefon: 08192 &#8211; 222<br \/>\nFax: 08192 &#8211; 934963<\/p>\n<\/p>\n<p style=\"text-align: justify;\"><a title=\"Impressum\" href=\"https:\/\/www.gemeinsam-ammersee.de\/?page_id=45\">Impressum \/ Haftungsausschluss<\/a><\/p>\n<p style=\"text-align: justify;\"><a title=\"Datenschutz\" href=\"https:\/\/www.gemeinsam-ammersee.de\/?page_id=135\">Datenschutzerkl\u00e4rung<\/a><\/p>\n","protected":false},"excerpt":{"rendered":"<p>Treten Sie mit uns in Kontakt! Wenn Sie dem Verein beitreten m\u00f6chten, finden Sie hier den Mitgliedsantrag: Mitglied werden! Sie erreichen uns \u00fcber die nachfolgenden Kontaktm\u00f6glichkeiten: Impressum \/ Haftungsausschluss Datenschutzerkl\u00e4rung<\/p>\n","protected":false},"author":1,"featured_media":0,"parent":0,"menu_order":0,"comment_status":"closed","ping_status":"closed","template":"","meta":{"footnotes":""},"class_list":["post-43","page","type-page","status-publish","hentry"],"_links":{"self":[{"href":"https:\/\/www.gemeinsam-ammersee.de\/index.php?rest_route=\/wp\/v2\/pages\/43","targetHints":{"allow":["GET"]}}],"collection":[{"href":"https:\/\/www.gemeinsam-ammersee.de\/index.php?rest_route=\/wp\/v2\/pages"}],"about":[{"href":"https:\/\/www.gemeinsam-ammersee.de\/index.php?rest_route=\/wp\/v2\/types\/page"}],"author":[{"embeddable":true,"href":"https:\/\/www.gemeinsam-ammersee.de\/index.php?rest_route=\/wp\/v2\/users\/1"}],"replies":[{"embeddable":true,"href":"https:\/\/www.gemeinsam-ammersee.de\/index.php?rest_route=%2Fwp%2Fv2%2Fcomments&post=43"}],"version-history":[{"count":9,"href":"https:\/\/www.gemeinsam-ammersee.de\/index.php?rest_route=\/wp\/v2\/pages\/43\/revisions"}],"predecessor-version":[{"id":624,"href":"https:\/\/www.gemeinsam-ammersee.de\/index.php?rest_route=\/wp\/v2\/pages\/43\/revisions\/624"}],"wp:attachment":[{"href":"https:\/\/www.gemeinsam-ammersee.de\/index.php?rest_route=%2Fwp%2Fv2%2Fmedia&parent=43"}],"curies":[{"name":"wp","href":"https:\/\/api.w.org\/{rel}","templated":true}]}}